{"id":264,"date":"2025-11-20T19:55:15","date_gmt":"2025-11-20T18:55:15","guid":{"rendered":"https:\/\/lalaboralaula.es\/MP142526\/?post_type=product&#038;p=264"},"modified":"2025-11-20T20:40:26","modified_gmt":"2025-11-20T19:40:26","slug":"libro-trazos-del-alma-en-acuarela","status":"publish","type":"product","link":"https:\/\/lalaboralaula.es\/MP142526\/index.php\/producto\/libro-trazos-del-alma-en-acuarela\/","title":{"rendered":"Libro Trazos del Alma en Acuarela"},"content":{"rendered":"<p>Un diario ilustrado que combina inspiraci\u00f3n y espacio libre en cada doble p\u00e1gina:<\/p>\n<p><strong>Frases motivadoras diarias<\/strong> (por fecha) que invitan a explorar\u00a0 y dar rienda suelta a tus emociones a trav\u00e9s de la pintura.<\/p>\n<p><strong>234 p\u00e1ginas\u00a0<\/strong>en total: en cada par de p\u00e1ginas, la parte izquierda contiene una frase breve y po\u00e9tica para el d\u00eda mientras que la parte derecha es un lienzo en blanco con un elegante borde met\u00e1licodorado, listo para tus bocetos, apuntes o acuarelas.<\/p>\n<p><strong>Dise\u00f1o editorial cuidado:\u00a0<\/strong>portada y cubiertas interiores con suaves salpicaduras en acuarela, tipograf\u00eda en relieve y detalles en dorado.<\/p>\n<p>Ideal para artistas, aficionados a la acuarela y cualquier persona que busque estructurar su pr\u00e1ctica diaria de dibujo o lettering, reflexionando sobre como ha sido su jornada<\/p>\n<p>&nbsp;<\/p>\n<p>&nbsp;<\/p>\n","protected":false},"excerpt":{"rendered":"<p>&#8220;Trazos del Alma en acuarela&#8221; es un volumen en tapa dura acompa\u00f1ado de un set de pegatinas y washi tape tem\u00e1ticas para atesorar recuerdos y decorar cada p\u00e1gina con un toque de acuarela y dorado.<\/p>\n<p><strong>Formato:<\/strong> Tapa dura con interior mate<\/p>\n<p><strong>N\u00famero de p\u00e1ginas:<\/strong> 234<\/p>\n<p><strong>Materiales:<\/strong> Papel reciclado con certificaci\u00f3n FSC, gramaje 120g\/m (apto para acuarela ligera)<\/p>\n<p><strong>Tipograf\u00eda<\/strong>: Detalles met\u00e1licos en cubierta y bordes de p\u00e1gina<\/p>\n<p><strong>Idioma<\/strong>: Espa\u00f1ol<\/p>\n","protected":false},"featured_media":265,"comment_status":"open","ping_status":"closed","template":"","meta":[],"product_brand":[],"product_cat":[47,43],"product_tag":[49,48,50],"class_list":{"0":"post-264","1":"product","2":"type-product","3":"status-publish","4":"has-post-thumbnail","6":"product_cat-bullet-journal","7":"product_cat-trazos-del-alma-en-acuarela","8":"product_tag-acuarela","9":"product_tag-bullet-journal","10":"product_tag-creativo","12":"first","13":"instock","14":"shipping-taxable","15":"purchasable","16":"product-type-simple"},"yoast_head":"<!-- This site is optimized with the Yoast SEO plugin v27.4 - https:\/\/yoast.com\/product\/yoast-seo-wordpress\/ -->\n<title>Libro Trazos del Alma en Acuarela - Fidalgo Ch\u00e1puli, Pablo<\/title>\n<meta name=\"description\" content=\"Un diario ilustrado que combina inspiraci\u00f3n y espacio libre en cada doble p\u00e1gina\" \/>\n<meta name=\"robots\" content=\"index, follow, max-snippet:-1, max-image-preview:large, max-video-preview:-1\" \/>\n<link rel=\"canonical\" href=\"https:\/\/lalaboralaula.es\/MP142526\/index.php\/producto\/libro-trazos-del-alma-en-acuarela\/\" \/>\n<meta property=\"og:locale\" content=\"es_ES\" \/>\n<meta property=\"og:type\" content=\"article\" \/>\n<meta property=\"og:title\" content=\"Libro Trazos del Alma en Acuarela - Fidalgo Ch\u00e1puli, Pablo\" \/>\n<meta property=\"og:description\" content=\"Un diario ilustrado que combina inspiraci\u00f3n y espacio libre en cada doble p\u00e1gina\" \/>\n<meta property=\"og:url\" content=\"https:\/\/lalaboralaula.es\/MP142526\/index.php\/producto\/libro-trazos-del-alma-en-acuarela\/\" \/>\n<meta property=\"og:site_name\" content=\"Fidalgo Ch\u00e1puli, Pablo\" \/>\n<meta property=\"article:modified_time\" content=\"2025-11-20T19:40:26+00:00\" \/>\n<meta property=\"og:image\" content=\"https:\/\/lalaboralaula.es\/MP142526\/wp-content\/uploads\/2025\/11\/Libros-trazos-del-alma-en-acuarela-y-pegatinas.jpg\" \/>\n\t<meta property=\"og:image:width\" content=\"940\" \/>\n\t<meta property=\"og:image:height\" content=\"940\" \/>\n\t<meta property=\"og:image:type\" content=\"image\/jpeg\" \/>\n<meta name=\"twitter:card\" content=\"summary_large_image\" \/>\n<meta name=\"twitter:label1\" content=\"Tiempo de lectura\" \/>\n\t<meta name=\"twitter:data1\" content=\"1 minuto\" \/>\n<script type=\"application\/ld+json\" class=\"yoast-schema-graph\">{\"@context\":\"https:\\\/\\\/schema.org\",\"@graph\":[{\"@type\":\"WebPage\",\"@id\":\"https:\\\/\\\/lalaboralaula.es\\\/MP142526\\\/index.php\\\/producto\\\/libro-trazos-del-alma-en-acuarela\\\/\",\"url\":\"https:\\\/\\\/lalaboralaula.es\\\/MP142526\\\/index.php\\\/producto\\\/libro-trazos-del-alma-en-acuarela\\\/\",\"name\":\"Libro Trazos del Alma en Acuarela - Fidalgo Ch\u00e1puli, Pablo\",\"isPartOf\":{\"@id\":\"https:\\\/\\\/lalaboralaula.es\\\/MP142526\\\/#website\"},\"primaryImageOfPage\":{\"@id\":\"https:\\\/\\\/lalaboralaula.es\\\/MP142526\\\/index.php\\\/producto\\\/libro-trazos-del-alma-en-acuarela\\\/#primaryimage\"},\"image\":{\"@id\":\"https:\\\/\\\/lalaboralaula.es\\\/MP142526\\\/index.php\\\/producto\\\/libro-trazos-del-alma-en-acuarela\\\/#primaryimage\"},\"thumbnailUrl\":\"https:\\\/\\\/lalaboralaula.es\\\/MP142526\\\/wp-content\\\/uploads\\\/2025\\\/11\\\/Libros-trazos-del-alma-en-acuarela-y-pegatinas.jpg\",\"datePublished\":\"2025-11-20T18:55:15+00:00\",\"dateModified\":\"2025-11-20T19:40:26+00:00\",\"description\":\"Un diario ilustrado que combina inspiraci\u00f3n y espacio libre en cada doble p\u00e1gina\",\"breadcrumb\":{\"@id\":\"https:\\\/\\\/lalaboralaula.es\\\/MP142526\\\/index.php\\\/producto\\\/libro-trazos-del-alma-en-acuarela\\\/#breadcrumb\"},\"inLanguage\":\"es\",\"potentialAction\":[{\"@type\":\"ReadAction\",\"target\":[\"https:\\\/\\\/lalaboralaula.es\\\/MP142526\\\/index.php\\\/producto\\\/libro-trazos-del-alma-en-acuarela\\\/\"]}]},{\"@type\":\"ImageObject\",\"inLanguage\":\"es\",\"@id\":\"https:\\\/\\\/lalaboralaula.es\\\/MP142526\\\/index.php\\\/producto\\\/libro-trazos-del-alma-en-acuarela\\\/#primaryimage\",\"url\":\"https:\\\/\\\/lalaboralaula.es\\\/MP142526\\\/wp-content\\\/uploads\\\/2025\\\/11\\\/Libros-trazos-del-alma-en-acuarela-y-pegatinas.jpg\",\"contentUrl\":\"https:\\\/\\\/lalaboralaula.es\\\/MP142526\\\/wp-content\\\/uploads\\\/2025\\\/11\\\/Libros-trazos-del-alma-en-acuarela-y-pegatinas.jpg\",\"width\":940,\"height\":940,\"caption\":\"trazos del alma\"},{\"@type\":\"BreadcrumbList\",\"@id\":\"https:\\\/\\\/lalaboralaula.es\\\/MP142526\\\/index.php\\\/producto\\\/libro-trazos-del-alma-en-acuarela\\\/#breadcrumb\",\"itemListElement\":[{\"@type\":\"ListItem\",\"position\":1,\"name\":\"Portada\",\"item\":\"https:\\\/\\\/lalaboralaula.es\\\/MP142526\\\/\"},{\"@type\":\"ListItem\",\"position\":2,\"name\":\"Tienda\",\"item\":\"https:\\\/\\\/lalaboralaula.es\\\/MP142526\\\/index.php\\\/tienda\\\/\"},{\"@type\":\"ListItem\",\"position\":3,\"name\":\"Libro Trazos del Alma en Acuarela\"}]},{\"@type\":\"WebSite\",\"@id\":\"https:\\\/\\\/lalaboralaula.es\\\/MP142526\\\/#website\",\"url\":\"https:\\\/\\\/lalaboralaula.es\\\/MP142526\\\/\",\"name\":\"Fidalgo Ch\u00e1puli, Pablo\",\"description\":\"\",\"publisher\":{\"@id\":\"https:\\\/\\\/lalaboralaula.es\\\/MP142526\\\/#organization\"},\"potentialAction\":[{\"@type\":\"SearchAction\",\"target\":{\"@type\":\"EntryPoint\",\"urlTemplate\":\"https:\\\/\\\/lalaboralaula.es\\\/MP142526\\\/?s={search_term_string}\"},\"query-input\":{\"@type\":\"PropertyValueSpecification\",\"valueRequired\":true,\"valueName\":\"search_term_string\"}}],\"inLanguage\":\"es\"},{\"@type\":\"Organization\",\"@id\":\"https:\\\/\\\/lalaboralaula.es\\\/MP142526\\\/#organization\",\"name\":\"Fidalgo Ch\u00e1puli, Pablo\",\"url\":\"https:\\\/\\\/lalaboralaula.es\\\/MP142526\\\/\",\"logo\":{\"@type\":\"ImageObject\",\"inLanguage\":\"es\",\"@id\":\"https:\\\/\\\/lalaboralaula.es\\\/MP142526\\\/#\\\/schema\\\/logo\\\/image\\\/\",\"url\":\"https:\\\/\\\/lalaboralaula.es\\\/MP142526\\\/wp-content\\\/uploads\\\/2026\\\/01\\\/cropped-logo-flarexx.png\",\"contentUrl\":\"https:\\\/\\\/lalaboralaula.es\\\/MP142526\\\/wp-content\\\/uploads\\\/2026\\\/01\\\/cropped-logo-flarexx.png\",\"width\":102,\"height\":89,\"caption\":\"Fidalgo Ch\u00e1puli, Pablo\"},\"image\":{\"@id\":\"https:\\\/\\\/lalaboralaula.es\\\/MP142526\\\/#\\\/schema\\\/logo\\\/image\\\/\"}}]}<\/script>\n<!-- \/ Yoast SEO plugin. -->","yoast_head_json":{"title":"Libro Trazos del Alma en Acuarela - Fidalgo Ch\u00e1puli, Pablo","description":"Un diario ilustrado que combina inspiraci\u00f3n y espacio libre en cada doble p\u00e1gina","robots":{"index":"index","follow":"follow","max-snippet":"max-snippet:-1","max-image-preview":"max-image-preview:large","max-video-preview":"max-video-preview:-1"},"canonical":"https:\/\/lalaboralaula.es\/MP142526\/index.php\/producto\/libro-trazos-del-alma-en-acuarela\/","og_locale":"es_ES","og_type":"article","og_title":"Libro Trazos del Alma en Acuarela - Fidalgo Ch\u00e1puli, Pablo","og_description":"Un diario ilustrado que combina inspiraci\u00f3n y espacio libre en cada doble p\u00e1gina","og_url":"https:\/\/lalaboralaula.es\/MP142526\/index.php\/producto\/libro-trazos-del-alma-en-acuarela\/","og_site_name":"Fidalgo Ch\u00e1puli, Pablo","article_modified_time":"2025-11-20T19:40:26+00:00","og_image":[{"width":940,"height":940,"url":"https:\/\/lalaboralaula.es\/MP142526\/wp-content\/uploads\/2025\/11\/Libros-trazos-del-alma-en-acuarela-y-pegatinas.jpg","type":"image\/jpeg"}],"twitter_card":"summary_large_image","twitter_misc":{"Tiempo de lectura":"1 minuto"},"schema":{"@context":"https:\/\/schema.org","@graph":[{"@type":"WebPage","@id":"https:\/\/lalaboralaula.es\/MP142526\/index.php\/producto\/libro-trazos-del-alma-en-acuarela\/","url":"https:\/\/lalaboralaula.es\/MP142526\/index.php\/producto\/libro-trazos-del-alma-en-acuarela\/","name":"Libro Trazos del Alma en Acuarela - Fidalgo Ch\u00e1puli, Pablo","isPartOf":{"@id":"https:\/\/lalaboralaula.es\/MP142526\/#website"},"primaryImageOfPage":{"@id":"https:\/\/lalaboralaula.es\/MP142526\/index.php\/producto\/libro-trazos-del-alma-en-acuarela\/#primaryimage"},"image":{"@id":"https:\/\/lalaboralaula.es\/MP142526\/index.php\/producto\/libro-trazos-del-alma-en-acuarela\/#primaryimage"},"thumbnailUrl":"https:\/\/lalaboralaula.es\/MP142526\/wp-content\/uploads\/2025\/11\/Libros-trazos-del-alma-en-acuarela-y-pegatinas.jpg","datePublished":"2025-11-20T18:55:15+00:00","dateModified":"2025-11-20T19:40:26+00:00","description":"Un diario ilustrado que combina inspiraci\u00f3n y espacio libre en cada doble p\u00e1gina","breadcrumb":{"@id":"https:\/\/lalaboralaula.es\/MP142526\/index.php\/producto\/libro-trazos-del-alma-en-acuarela\/#breadcrumb"},"inLanguage":"es","potentialAction":[{"@type":"ReadAction","target":["https:\/\/lalaboralaula.es\/MP142526\/index.php\/producto\/libro-trazos-del-alma-en-acuarela\/"]}]},{"@type":"ImageObject","inLanguage":"es","@id":"https:\/\/lalaboralaula.es\/MP142526\/index.php\/producto\/libro-trazos-del-alma-en-acuarela\/#primaryimage","url":"https:\/\/lalaboralaula.es\/MP142526\/wp-content\/uploads\/2025\/11\/Libros-trazos-del-alma-en-acuarela-y-pegatinas.jpg","contentUrl":"https:\/\/lalaboralaula.es\/MP142526\/wp-content\/uploads\/2025\/11\/Libros-trazos-del-alma-en-acuarela-y-pegatinas.jpg","width":940,"height":940,"caption":"trazos del alma"},{"@type":"BreadcrumbList","@id":"https:\/\/lalaboralaula.es\/MP142526\/index.php\/producto\/libro-trazos-del-alma-en-acuarela\/#breadcrumb","itemListElement":[{"@type":"ListItem","position":1,"name":"Portada","item":"https:\/\/lalaboralaula.es\/MP142526\/"},{"@type":"ListItem","position":2,"name":"Tienda","item":"https:\/\/lalaboralaula.es\/MP142526\/index.php\/tienda\/"},{"@type":"ListItem","position":3,"name":"Libro Trazos del Alma en Acuarela"}]},{"@type":"WebSite","@id":"https:\/\/lalaboralaula.es\/MP142526\/#website","url":"https:\/\/lalaboralaula.es\/MP142526\/","name":"Fidalgo Ch\u00e1puli, Pablo","description":"","publisher":{"@id":"https:\/\/lalaboralaula.es\/MP142526\/#organization"},"potentialAction":[{"@type":"SearchAction","target":{"@type":"EntryPoint","urlTemplate":"https:\/\/lalaboralaula.es\/MP142526\/?s={search_term_string}"},"query-input":{"@type":"PropertyValueSpecification","valueRequired":true,"valueName":"search_term_string"}}],"inLanguage":"es"},{"@type":"Organization","@id":"https:\/\/lalaboralaula.es\/MP142526\/#organization","name":"Fidalgo Ch\u00e1puli, Pablo","url":"https:\/\/lalaboralaula.es\/MP142526\/","logo":{"@type":"ImageObject","inLanguage":"es","@id":"https:\/\/lalaboralaula.es\/MP142526\/#\/schema\/logo\/image\/","url":"https:\/\/lalaboralaula.es\/MP142526\/wp-content\/uploads\/2026\/01\/cropped-logo-flarexx.png","contentUrl":"https:\/\/lalaboralaula.es\/MP142526\/wp-content\/uploads\/2026\/01\/cropped-logo-flarexx.png","width":102,"height":89,"caption":"Fidalgo Ch\u00e1puli, Pablo"},"image":{"@id":"https:\/\/lalaboralaula.es\/MP142526\/#\/schema\/logo\/image\/"}}]}},"_links":{"self":[{"href":"https:\/\/lalaboralaula.es\/MP142526\/index.php\/wp-json\/wp\/v2\/product\/264","targetHints":{"allow":["GET"]}}],"collection":[{"href":"https:\/\/lalaboralaula.es\/MP142526\/index.php\/wp-json\/wp\/v2\/product"}],"about":[{"href":"https:\/\/lalaboralaula.es\/MP142526\/index.php\/wp-json\/wp\/v2\/types\/product"}],"replies":[{"embeddable":true,"href":"https:\/\/lalaboralaula.es\/MP142526\/index.php\/wp-json\/wp\/v2\/comments?post=264"}],"wp:featuredmedia":[{"embeddable":true,"href":"https:\/\/lalaboralaula.es\/MP142526\/index.php\/wp-json\/wp\/v2\/media\/265"}],"wp:attachment":[{"href":"https:\/\/lalaboralaula.es\/MP142526\/index.php\/wp-json\/wp\/v2\/media?parent=264"}],"wp:term":[{"taxonomy":"product_brand","embeddable":true,"href":"https:\/\/lalaboralaula.es\/MP142526\/index.php\/wp-json\/wp\/v2\/product_brand?post=264"},{"taxonomy":"product_cat","embeddable":true,"href":"https:\/\/lalaboralaula.es\/MP142526\/index.php\/wp-json\/wp\/v2\/product_cat?post=264"},{"taxonomy":"product_tag","embeddable":true,"href":"https:\/\/lalaboralaula.es\/MP142526\/index.php\/wp-json\/wp\/v2\/product_tag?post=264"}],"curies":[{"name":"wp","href":"https:\/\/api.w.org\/{rel}","templated":true}]}}