{"id":40,"date":"2025-10-21T16:53:42","date_gmt":"2025-10-21T16:53:42","guid":{"rendered":"https:\/\/lalaboralaula.es\/GV042526\/?page_id=40"},"modified":"2025-11-18T17:54:17","modified_gmt":"2025-11-18T17:54:17","slug":"politicas-de-privacidad","status":"publish","type":"page","link":"https:\/\/lalaboralaula.es\/GV042526\/index.php\/politicas-de-privacidad\/","title":{"rendered":"Pol\u00edticas de privacidad"},"content":{"rendered":"\n<h2 class=\"wp-block-heading\">POL\u00cdTICA DE PRIVACIDAD Y PROTECCI\u00d3N DE DATOS.<\/h2>\n\n\n\n<p><strong>\u00daltima modificaci\u00f3n: Noviembre 2025<\/strong><\/p>\n\n\n\n<p><strong><em>Nota de Alcance:<\/em><\/strong> <em>El presente documento ha sido creado con fines exclusivamente did\u00e1cticos y para su uso en un proyecto de marketing digital\/acad\u00e9mico, por lo que los datos de contacto y la informaci\u00f3n corporativa de Glossique Make Up son ficticios.<\/em><\/p>\n\n\n\n<hr class=\"wp-block-separator has-alpha-channel-opacity\"\/>\n\n\n\n<p>La Pol\u00edtica de Privacidad forma parte de las Condiciones Generales que rigen la P\u00e1gina www.glossique.es junto con la Pol\u00edtica de Cookies y el Aviso Legal.<\/p>\n\n\n\n<p><strong>GLOSSIQUE MAKE UP<\/strong>, se reserva el derecho a modificar o adaptar la presente Pol\u00edtica de Privacidad en todo momento. Por lo tanto, le recomendamos que revise la misma cada vez que acceda a la P\u00e1gina Web. En el supuesto de que el usuario se haya registrado en la P\u00e1gina Web y acceda a su cuenta o perfil, al acceder a la misma, se le informar\u00e1 si ha habido modificaciones sustanciales en relaci\u00f3n con el tratamiento de sus datos personales.<\/p>\n\n\n\n<hr class=\"wp-block-separator has-alpha-channel-opacity\"\/>\n\n\n\n<h3 class=\"wp-block-heading\"><strong>\u00bfQui\u00e9n es el Responsable del tratamiento de sus datos personales?<\/strong><\/h3>\n\n\n\n<p>Los datos que se recojan o nos facilites voluntariamente por medio de la P\u00e1gina Web, ya sea por la navegaci\u00f3n en la misma, as\u00ed como todos aquellos que nos puedas facilitar en los formularios de contacto, v\u00eda email o por tel\u00e9fono, ser\u00e1n recabados y tratados por el Responsable del Tratamiento, cuyos datos se indican a continuaci\u00f3n:<\/p>\n\n\n\n<p><strong>GLOSSIQUE MAKE UP<\/strong> Calle <strong>Los Brillos de Mya<\/strong>, 54. <strong>33202 Gij\u00f3n (Asturias)<\/strong>, Espa\u00f1a [641346163] www.glossique.es [glossique00]<\/p>\n\n\n\n<hr class=\"wp-block-separator has-alpha-channel-opacity\"\/>\n\n\n\n<h3 class=\"wp-block-heading\"><strong>\u00bfCon qu\u00e9 finalidades vamos a tratar sus datos personales?<\/strong><\/h3>\n\n\n\n<ul class=\"wp-block-list\">\n<li>Contestar a tus consultas, solicitudes o peticiones.<\/li>\n\n\n\n<li>Gestionar el servicio solicitado, contestar tu solicitud, o tramitar tu pedido.<\/li>\n\n\n\n<li>Informaci\u00f3n por medios electr\u00f3nicos, que versen sobre tu solicitud.<\/li>\n\n\n\n<li>Informaci\u00f3n comercial o de eventos por medios electr\u00f3nicos, siempre que exista autorizaci\u00f3n expresa (novedades de <em>makeup<\/em> y promociones).<\/li>\n\n\n\n<li>Realizar an\u00e1lisis y mejoras en la Web, sobre nuestros productos y servicios. Mejorar nuestra estrategia comercial.<\/li>\n<\/ul>\n\n\n\n<hr class=\"wp-block-separator has-alpha-channel-opacity\"\/>\n\n\n\n<h3 class=\"wp-block-heading\"><strong>\u00bfCu\u00e1l es la legitimaci\u00f3n para el tratamiento de sus datos?<\/strong><\/h3>\n\n\n\n<p>La aceptaci\u00f3n y consentimiento del interesado: en aquellos casos donde para realizar una solicitud sea necesario cumplimentar un formulario y hacer un \u00abclick\u00bb en el bot\u00f3n de enviar, la realizaci\u00f3n del mismo implicar\u00e1 necesariamente que ha sido informado y ha otorgado expresamente su consentimiento al contenido de la cl\u00e1usula anexada a dicho formulario o aceptaci\u00f3n de la pol\u00edtica de privacidad.<\/p>\n\n\n\n<hr class=\"wp-block-separator has-alpha-channel-opacity\"\/>\n\n\n\n<h3 class=\"wp-block-heading\"><strong>\u00bfA qui\u00e9nes le comunicaremos sus datos?<\/strong><\/h3>\n\n\n\n<p>Sus datos no se ceder\u00e1n a Terceros salvo obligaci\u00f3n Legal. <strong>Dado que solo operamos en Espa\u00f1a, todos los datos se mantienen y procesan dentro del territorio nacional.<\/strong><\/p>\n\n\n\n<hr class=\"wp-block-separator has-alpha-channel-opacity\"\/>\n\n\n\n<h3 class=\"wp-block-heading\"><strong>\u00bfDurante qu\u00e9 plazo almacenaremos sus datos?<\/strong><\/h3>\n\n\n\n<p>Los datos personales ser\u00e1n mantenidos mientras se mantenga la vinculaci\u00f3n con el Responsable (ej. mientras seas cliente o usuario registrado). Al finalizar los mismos, los datos personales tratados en cada una de las finalidades indicadas se mantendr\u00e1n durante los plazos legalmente previstos o durante el plazo que un juez o tribunal los pueda requerir atendiendo al plazo de prescripci\u00f3n de acciones judiciales. Los datos tratados se mantendr\u00e1n en tanto no expiren los plazos legales aludidos anteriormente, si hubiera obligaci\u00f3n legal de mantenimiento, o de no existir ese plazo legal, hasta que el interesado solicite su supresi\u00f3n o revoque el consentimiento otorgado.<\/p>\n\n\n\n<hr class=\"wp-block-separator has-alpha-channel-opacity\"\/>\n\n\n\n<h3 class=\"wp-block-heading\"><strong>\u00bfCu\u00e1les son sus derechos?<\/strong><\/h3>\n\n\n\n<ul class=\"wp-block-list\">\n<li>A saber, si estamos tratando sus datos o no.<\/li>\n\n\n\n<li>A acceder a sus datos personales.<\/li>\n\n\n\n<li>A solicitar la rectificaci\u00f3n de sus datos si son inexactos.<\/li>\n\n\n\n<li>A solicitar la supresi\u00f3n de sus datos si ya no son necesarios para los fines para los que fueron recogidos o si nos retira el consentimiento otorgado.<\/li>\n\n\n\n<li>A solicitar la limitaci\u00f3n del tratamiento de sus datos, en algunos supuestos, en cuyo caso s\u00f3lo se conservar\u00e1n de acuerdo con la normativa vigente.<\/li>\n\n\n\n<li>A portar sus datos, que le ser\u00e1n facilitados en un formato estructurado, de uso com\u00fan o lectura mec\u00e1nica.<\/li>\n\n\n\n<li>A presentar una reclamaci\u00f3n ante la Agencia Espa\u00f1ola de Protecci\u00f3n de Datos o autoridad de control competente, si cree que no le hemos atendido correctamente.<\/li>\n\n\n\n<li>A revocar el consentimiento para cada finalidad espec\u00edfica, sin que ello afecte a licitud del tratamiento basado en el consentimiento expreso.<\/li>\n<\/ul>\n\n\n\n<hr class=\"wp-block-separator has-alpha-channel-opacity\"\/>\n\n\n\n<h3 class=\"wp-block-heading\"><strong>\u00bfC\u00f3mo puede ejercer sus derechos?<\/strong><\/h3>\n\n\n\n<p>Le informamos que podr\u00e1 ejercitar los derechos de acceso, rectificaci\u00f3n, supresi\u00f3n y oposici\u00f3n, mediante escrito junto con fotocopia de DNI al Responsable del Tratamiento, en la siguiente direcci\u00f3n:<\/p>\n\n\n\n<p><strong>Calle Los Brillos de Mya, 54. 33202 Gij\u00f3n (Asturias) Espa\u00f1a<\/strong><\/p>\n\n\n\n<p>En determinados supuestos el interesado podr\u00e1 solicitar la limitaci\u00f3n del tratamiento de sus datos, en cuyo caso solo los conservaremos de acuerdo con la normativa vigente.<\/p>\n\n\n\n<p>Para dejar de recibir nuestra <em>newsletter<\/em>, puedes darte de baja desde el enlace incluido en cada email.<\/p>\n\n\n\n<p>En determinados supuestos puede ejercitar su derecho a la portabilidad de los datos, que ser\u00e1n entregados en un formato estructurado, de uso com\u00fan o lectura mec\u00e1nica a usted o el nuevo responsable de tratamiento que designe.<\/p>\n\n\n\n<p>Tiene derecho a revocar en cualquier momento el consentimiento para cualquiera de los tratamientos para los que lo ha otorgado.<\/p>\n\n\n\n<p>Se informa al interesado o representante del mismo, que podr\u00e1 presentar una reclamaci\u00f3n ante la <strong>Agencia Espa\u00f1ola de Protecci\u00f3n de Datos<\/strong>, en el supuesto que considere que no se ha atendido convenientemente el ejercicio de sus derechos.<\/p>\n\n\n\n<hr class=\"wp-block-separator has-alpha-channel-opacity\"\/>\n\n\n\n<h3 class=\"wp-block-heading\"><strong>RESERVA DE COOKIES<\/strong><\/h3>\n\n\n\n<p><strong>GLOSSIQUE MAKE UP<\/strong> se reserva el derecho de utilizar cookies en la navegaci\u00f3n del usuario por su <em>website<\/em> con objetivos t\u00e9cnicos y para facilitar, mejorar y personalizar la navegaci\u00f3n a los usuarios. <strong>GLOSSIQUE MAKE UP<\/strong> informa que las cookies se asocian al usuario an\u00f3nimo y a su ordenador, as\u00ed, cuando el usuario vuelve a visitar el sitio web se leen las cookies para identificar a dicho usuario y establecer sus preferencias de navegaci\u00f3n.<\/p>\n\n\n\n<p>No obstante, el usuario tiene la posibilidad de configurar en las opciones de su navegador de modo que se le informe de la recepci\u00f3n de <em>cookies<\/em>, pudiendo, si as\u00ed lo estima conveniente, impedir que sean instaladas en su terminal. Sin embargo, para el acceso al <em>website<\/em> de <strong>GLOSSIQUE MAKE UP<\/strong> no ser\u00e1 preceptiva la instalaci\u00f3n de <em>cookies<\/em>.<\/p>\n\n\n\n<p>Se puede configurar las categor\u00edas de cookies opcionales clicando en el bot\u00f3n de ajuste de cookies a continuaci\u00f3n: <strong>CLICK AQU\u00cd<\/strong><\/p>\n\n\n\n<hr class=\"wp-block-separator has-alpha-channel-opacity\"\/>\n\n\n\n<h3 class=\"wp-block-heading\"><strong>CONDICIONES GENERALES DE COMPRA<\/strong><\/h3>\n\n\n\n<p>Puede consultar las condiciones generales de compra, devoluciones y\/o cancelaciones <strong>desde este enlace<\/strong><\/p>\n","protected":false},"excerpt":{"rendered":"<p>POL\u00cdTICA DE PRIVACIDAD Y PROTECCI\u00d3N DE DATOS. \u00daltima modificaci\u00f3n: Noviembre 2025 Nota de Alcance: El presente documento ha sido creado con fines exclusivamente did\u00e1cticos y para su uso en un proyecto de marketing digital\/acad\u00e9mico, por lo que los datos de contacto y la informaci\u00f3n corporativa de Glossique Make Up son ficticios. La Pol\u00edtica de Privacidad [&hellip;]<\/p>\n","protected":false},"author":1,"featured_media":0,"parent":0,"menu_order":0,"comment_status":"closed","ping_status":"closed","template":"","meta":{"footnotes":""},"class_list":["post-40","page","type-page","status-publish","hentry"],"yoast_head":"<!-- This site is optimized with the Yoast SEO plugin v27.4 - https:\/\/yoast.com\/product\/yoast-seo-wordpress\/ -->\n<title>Pol\u00edticas de privacidad - GLOSSIQUE<\/title>\n<meta name=\"robots\" content=\"index, follow, max-snippet:-1, max-image-preview:large, max-video-preview:-1\" \/>\n<link rel=\"canonical\" href=\"https:\/\/lalaboralaula.es\/GV042526\/index.php\/politicas-de-privacidad\/\" \/>\n<meta property=\"og:locale\" content=\"es_ES\" \/>\n<meta property=\"og:type\" content=\"article\" \/>\n<meta property=\"og:title\" content=\"Pol\u00edticas de privacidad - GLOSSIQUE\" \/>\n<meta property=\"og:description\" content=\"POL\u00cdTICA DE PRIVACIDAD Y PROTECCI\u00d3N DE DATOS. \u00daltima modificaci\u00f3n: Noviembre 2025 Nota de Alcance: El presente documento ha sido creado con fines exclusivamente did\u00e1cticos y para su uso en un proyecto de marketing digital\/acad\u00e9mico, por lo que los datos de contacto y la informaci\u00f3n corporativa de Glossique Make Up son ficticios. La Pol\u00edtica de Privacidad [&hellip;]\" \/>\n<meta property=\"og:url\" content=\"https:\/\/lalaboralaula.es\/GV042526\/index.php\/politicas-de-privacidad\/\" \/>\n<meta property=\"og:site_name\" content=\"GLOSSIQUE\" \/>\n<meta property=\"article:modified_time\" content=\"2025-11-18T17:54:17+00:00\" \/>\n<meta name=\"twitter:card\" content=\"summary_large_image\" \/>\n<meta name=\"twitter:label1\" content=\"Tiempo de lectura\" \/>\n\t<meta name=\"twitter:data1\" content=\"5 minutos\" \/>\n<script type=\"application\/ld+json\" class=\"yoast-schema-graph\">{\"@context\":\"https:\\\/\\\/schema.org\",\"@graph\":[{\"@type\":\"WebPage\",\"@id\":\"https:\\\/\\\/lalaboralaula.es\\\/GV042526\\\/index.php\\\/politicas-de-privacidad\\\/\",\"url\":\"https:\\\/\\\/lalaboralaula.es\\\/GV042526\\\/index.php\\\/politicas-de-privacidad\\\/\",\"name\":\"Pol\u00edticas de privacidad - GLOSSIQUE\",\"isPartOf\":{\"@id\":\"https:\\\/\\\/lalaboralaula.es\\\/GV042526\\\/#website\"},\"datePublished\":\"2025-10-21T16:53:42+00:00\",\"dateModified\":\"2025-11-18T17:54:17+00:00\",\"breadcrumb\":{\"@id\":\"https:\\\/\\\/lalaboralaula.es\\\/GV042526\\\/index.php\\\/politicas-de-privacidad\\\/#breadcrumb\"},\"inLanguage\":\"es\",\"potentialAction\":[{\"@type\":\"ReadAction\",\"target\":[\"https:\\\/\\\/lalaboralaula.es\\\/GV042526\\\/index.php\\\/politicas-de-privacidad\\\/\"]}]},{\"@type\":\"BreadcrumbList\",\"@id\":\"https:\\\/\\\/lalaboralaula.es\\\/GV042526\\\/index.php\\\/politicas-de-privacidad\\\/#breadcrumb\",\"itemListElement\":[{\"@type\":\"ListItem\",\"position\":1,\"name\":\"Portada\",\"item\":\"https:\\\/\\\/lalaboralaula.es\\\/GV042526\\\/\"},{\"@type\":\"ListItem\",\"position\":2,\"name\":\"Pol\u00edticas de privacidad\"}]},{\"@type\":\"WebSite\",\"@id\":\"https:\\\/\\\/lalaboralaula.es\\\/GV042526\\\/#website\",\"url\":\"https:\\\/\\\/lalaboralaula.es\\\/GV042526\\\/\",\"name\":\"GLOSSIQUE\",\"description\":\"Glossique es la marca de maquillaje que une sensualidad, frescura y elegancia. Cosm\u00e9ticos de calidad, accesibles y con est\u00e9tica pastel que realzan tu belleza aut\u00e9ntica. Brilla, seduce y cuida tu piel con productos creados para transformar tu d\u00eda a d\u00eda en un ritual de amor propio.\",\"publisher\":{\"@id\":\"https:\\\/\\\/lalaboralaula.es\\\/GV042526\\\/#organization\"},\"potentialAction\":[{\"@type\":\"SearchAction\",\"target\":{\"@type\":\"EntryPoint\",\"urlTemplate\":\"https:\\\/\\\/lalaboralaula.es\\\/GV042526\\\/?s={search_term_string}\"},\"query-input\":{\"@type\":\"PropertyValueSpecification\",\"valueRequired\":true,\"valueName\":\"search_term_string\"}}],\"inLanguage\":\"es\"},{\"@type\":\"Organization\",\"@id\":\"https:\\\/\\\/lalaboralaula.es\\\/GV042526\\\/#organization\",\"name\":\"GLOSSIQUE\",\"url\":\"https:\\\/\\\/lalaboralaula.es\\\/GV042526\\\/\",\"logo\":{\"@type\":\"ImageObject\",\"inLanguage\":\"es\",\"@id\":\"https:\\\/\\\/lalaboralaula.es\\\/GV042526\\\/#\\\/schema\\\/logo\\\/image\\\/\",\"url\":\"https:\\\/\\\/lalaboralaula.es\\\/GV042526\\\/wp-content\\\/uploads\\\/2025\\\/10\\\/cropped-cropped-logo2-1.png\",\"contentUrl\":\"https:\\\/\\\/lalaboralaula.es\\\/GV042526\\\/wp-content\\\/uploads\\\/2025\\\/10\\\/cropped-cropped-logo2-1.png\",\"width\":479,\"height\":307,\"caption\":\"GLOSSIQUE \"},\"image\":{\"@id\":\"https:\\\/\\\/lalaboralaula.es\\\/GV042526\\\/#\\\/schema\\\/logo\\\/image\\\/\"}}]}<\/script>\n<!-- \/ Yoast SEO plugin. -->","yoast_head_json":{"title":"Pol\u00edticas de privacidad - GLOSSIQUE","robots":{"index":"index","follow":"follow","max-snippet":"max-snippet:-1","max-image-preview":"max-image-preview:large","max-video-preview":"max-video-preview:-1"},"canonical":"https:\/\/lalaboralaula.es\/GV042526\/index.php\/politicas-de-privacidad\/","og_locale":"es_ES","og_type":"article","og_title":"Pol\u00edticas de privacidad - GLOSSIQUE","og_description":"POL\u00cdTICA DE PRIVACIDAD Y PROTECCI\u00d3N DE DATOS. \u00daltima modificaci\u00f3n: Noviembre 2025 Nota de Alcance: El presente documento ha sido creado con fines exclusivamente did\u00e1cticos y para su uso en un proyecto de marketing digital\/acad\u00e9mico, por lo que los datos de contacto y la informaci\u00f3n corporativa de Glossique Make Up son ficticios. La Pol\u00edtica de Privacidad [&hellip;]","og_url":"https:\/\/lalaboralaula.es\/GV042526\/index.php\/politicas-de-privacidad\/","og_site_name":"GLOSSIQUE","article_modified_time":"2025-11-18T17:54:17+00:00","twitter_card":"summary_large_image","twitter_misc":{"Tiempo de lectura":"5 minutos"},"schema":{"@context":"https:\/\/schema.org","@graph":[{"@type":"WebPage","@id":"https:\/\/lalaboralaula.es\/GV042526\/index.php\/politicas-de-privacidad\/","url":"https:\/\/lalaboralaula.es\/GV042526\/index.php\/politicas-de-privacidad\/","name":"Pol\u00edticas de privacidad - GLOSSIQUE","isPartOf":{"@id":"https:\/\/lalaboralaula.es\/GV042526\/#website"},"datePublished":"2025-10-21T16:53:42+00:00","dateModified":"2025-11-18T17:54:17+00:00","breadcrumb":{"@id":"https:\/\/lalaboralaula.es\/GV042526\/index.php\/politicas-de-privacidad\/#breadcrumb"},"inLanguage":"es","potentialAction":[{"@type":"ReadAction","target":["https:\/\/lalaboralaula.es\/GV042526\/index.php\/politicas-de-privacidad\/"]}]},{"@type":"BreadcrumbList","@id":"https:\/\/lalaboralaula.es\/GV042526\/index.php\/politicas-de-privacidad\/#breadcrumb","itemListElement":[{"@type":"ListItem","position":1,"name":"Portada","item":"https:\/\/lalaboralaula.es\/GV042526\/"},{"@type":"ListItem","position":2,"name":"Pol\u00edticas de privacidad"}]},{"@type":"WebSite","@id":"https:\/\/lalaboralaula.es\/GV042526\/#website","url":"https:\/\/lalaboralaula.es\/GV042526\/","name":"GLOSSIQUE","description":"Glossique es la marca de maquillaje que une sensualidad, frescura y elegancia. Cosm\u00e9ticos de calidad, accesibles y con est\u00e9tica pastel que realzan tu belleza aut\u00e9ntica. Brilla, seduce y cuida tu piel con productos creados para transformar tu d\u00eda a d\u00eda en un ritual de amor propio.","publisher":{"@id":"https:\/\/lalaboralaula.es\/GV042526\/#organization"},"potentialAction":[{"@type":"SearchAction","target":{"@type":"EntryPoint","urlTemplate":"https:\/\/lalaboralaula.es\/GV042526\/?s={search_term_string}"},"query-input":{"@type":"PropertyValueSpecification","valueRequired":true,"valueName":"search_term_string"}}],"inLanguage":"es"},{"@type":"Organization","@id":"https:\/\/lalaboralaula.es\/GV042526\/#organization","name":"GLOSSIQUE","url":"https:\/\/lalaboralaula.es\/GV042526\/","logo":{"@type":"ImageObject","inLanguage":"es","@id":"https:\/\/lalaboralaula.es\/GV042526\/#\/schema\/logo\/image\/","url":"https:\/\/lalaboralaula.es\/GV042526\/wp-content\/uploads\/2025\/10\/cropped-cropped-logo2-1.png","contentUrl":"https:\/\/lalaboralaula.es\/GV042526\/wp-content\/uploads\/2025\/10\/cropped-cropped-logo2-1.png","width":479,"height":307,"caption":"GLOSSIQUE "},"image":{"@id":"https:\/\/lalaboralaula.es\/GV042526\/#\/schema\/logo\/image\/"}}]}},"_links":{"self":[{"href":"https:\/\/lalaboralaula.es\/GV042526\/index.php\/wp-json\/wp\/v2\/pages\/40","targetHints":{"allow":["GET"]}}],"collection":[{"href":"https:\/\/lalaboralaula.es\/GV042526\/index.php\/wp-json\/wp\/v2\/pages"}],"about":[{"href":"https:\/\/lalaboralaula.es\/GV042526\/index.php\/wp-json\/wp\/v2\/types\/page"}],"author":[{"embeddable":true,"href":"https:\/\/lalaboralaula.es\/GV042526\/index.php\/wp-json\/wp\/v2\/users\/1"}],"replies":[{"embeddable":true,"href":"https:\/\/lalaboralaula.es\/GV042526\/index.php\/wp-json\/wp\/v2\/comments?post=40"}],"version-history":[{"count":3,"href":"https:\/\/lalaboralaula.es\/GV042526\/index.php\/wp-json\/wp\/v2\/pages\/40\/revisions"}],"predecessor-version":[{"id":233,"href":"https:\/\/lalaboralaula.es\/GV042526\/index.php\/wp-json\/wp\/v2\/pages\/40\/revisions\/233"}],"wp:attachment":[{"href":"https:\/\/lalaboralaula.es\/GV042526\/index.php\/wp-json\/wp\/v2\/media?parent=40"}],"curies":[{"name":"wp","href":"https:\/\/api.w.org\/{rel}","templated":true}]}}